{"id":2396,"date":"2020-12-14T11:49:40","date_gmt":"2020-12-14T11:49:40","guid":{"rendered":"https:\/\/www.balticloop.eu\/?page_id=2396"},"modified":"2021-02-07T20:30:51","modified_gmt":"2021-02-07T20:30:51","slug":"news","status":"publish","type":"page","link":"https:\/\/www.balticloop.eu\/index.php\/platform\/international\/news\/","title":{"rendered":"News"},"content":{"rendered":"<p>[et_pb_section fb_built=&#8221;1&#8243; _builder_version=&#8221;4.0.2&#8243; background_color=&#8221;#0c71c3&#8243; min_height=&#8221;136px&#8221; custom_padding=&#8221;0px||0px|||&#8221;][et_pb_row column_structure=&#8221;1_3,2_3&#8243; _builder_version=&#8221;4.0.2&#8243; use_background_color_gradient=&#8221;on&#8221; background_color_gradient_start=&#8221;#00618e&#8221; background_color_gradient_end=&#8221;#071d9b&#8221; width=&#8221;100%&#8221; custom_padding=&#8221;0px||0px|||&#8221;][et_pb_column type=&#8221;1_3&#8243; _builder_version=&#8221;4.0.2&#8243;][et_pb_image src=&#8221;https:\/\/www.balticloop.eu\/wp-content\/uploads\/2019\/12\/baltic_loop_512.png&#8221; align=&#8221;center&#8221; _builder_version=&#8221;4.0.2&#8243; max_height=&#8221;125px&#8221; custom_margin=&#8221;||||false|false&#8221;][\/et_pb_image][\/et_pb_column][et_pb_column type=&#8221;2_3&#8243; _builder_version=&#8221;4.0.2&#8243;][et_pb_menu menu_id=&#8221;14&#8243; active_link_color=&#8221;#ffffff&#8221; cart_icon_color=&#8221;#ffffff&#8221; search_icon_color=&#8221;#ffffff&#8221; menu_icon_color=&#8221;#ffffff&#8221; _builder_version=&#8221;4.0.2&#8243; menu_font=&#8221;|600|||||||&#8221; menu_font_size=&#8221;22px&#8221; background_color=&#8221;rgba(0,0,0,0)&#8221; background_layout=&#8221;dark&#8221; custom_css_menu_link=&#8221;border-right: 1px solid #000;||padding: 0.5em 1em 0.75em 0;&#8221; border_width_right=&#8221;3px&#8221; border_color_right=&#8221;#000000&#8243;][\/et_pb_menu][\/et_pb_column][\/et_pb_row][et_pb_row column_structure=&#8221;1_3,2_3&#8243; _builder_version=&#8221;4.0.2&#8243; background_color=&#8221;#ffffff&#8221; width=&#8221;100%&#8221; custom_padding=&#8221;0px||0px|||&#8221;][et_pb_column type=&#8221;1_3&#8243; _builder_version=&#8221;4.0.2&#8243;][\/et_pb_column][et_pb_column type=&#8221;2_3&#8243; _builder_version=&#8221;4.0.2&#8243;][et_pb_menu menu_id=&#8221;21&#8243; cart_icon_color=&#8221;#ffffff&#8221; search_icon_color=&#8221;#ffffff&#8221; menu_icon_color=&#8221;#ffffff&#8221; _builder_version=&#8221;4.7.4&#8243; menu_font=&#8221;|700|||||||&#8221; menu_font_size=&#8221;16px&#8221; background_color=&#8221;#e0e0e0&#8243; transform_translate=&#8221;0px|-70px&#8221; transform_translate_linked=&#8221;off&#8221; custom_padding=&#8221;7px||5px||false|false&#8221; custom_css_before=&#8221;content: %22%22;||position: absolute;||height: 0;||width: 0;||top: 0;||left: -3em;||border-right: 1.5em solid #e0e0e0;||border-bottom: 1.5em solid #e0e0e0;||||border-top: 1.5em solid transparent;||border-left: 1.5em solid transparent;&#8221; custom_css_after=&#8221;content: %22%22;||position: absolute;||width:\t100%;||width: calc(100% + 5em);||height: 2em;||background: #fff;||top: 100%;||left: -4em;||transform: skew(-45deg);&#8221; border_color_all=&#8221;rgba(0,0,0,0)&#8221; border_color_right=&#8221;#000000&#8243;][\/et_pb_menu][\/et_pb_column][\/et_pb_row][\/et_pb_section][et_pb_section fb_built=&#8221;1&#8243; module_class=&#8221;blue-link&#8221; _builder_version=&#8221;4.0.2&#8243; custom_padding=&#8221;0px|||||&#8221;][et_pb_row column_structure=&#8221;3_4,1_4&#8243; _builder_version=&#8221;4.7.4&#8243; width=&#8221;95%&#8221; module_alignment=&#8221;center&#8221;][et_pb_column type=&#8221;3_4&#8243; _builder_version=&#8221;4.0.2&#8243;][et_pb_text _builder_version=&#8221;4.7.7&#8243; hover_enabled=&#8221;0&#8243; sticky_enabled=&#8221;0&#8243;]<\/p>\n<div id=\"left-area\">\n<article id=\"post-1280\" class=\"post-1280 page type-page status-publish hentry\">\n<div class=\"entry-content\">\n<div id=\"left-area\">\n<article id=\"post-1280\" class=\"post-1280 page type-page status-publish hentry\">\n<div class=\"entry-content\">\n<p><span><div class=\"wp-rss-template-container\" data-wpra-template=\"default\" data-template-ctx=\"eyJzb3VyY2VzIjoiNjgzNSw3MjA1LDY4MjksNzE3Niw3MjEwLDcyMTcifQ==\">\n    <div class=\"wp-rss-aggregator wpra-list-template  \" data-page=\"1\">\n    \n    \n<ul class=\"wpra-item-list rss-aggregator wpra-item-list--bullets wpra-item-list--default\"\n    start=\"1\">\n                        <li class=\"wpra-item feed-item \">\n            \n            \n\n    <a  href=\"https:\/\/www.orebro.se\/nyheter\/nyheter\/2026-04-29-foretagare-i-orebro-ger-kommunens-service-hogt-betyg.html\" target=\"_blank\" rel=\"nofollow\" class=\"\">F\u00f6retagare i \u00d6rebro ger kommunens service h\u00f6gt betyg<\/a>\n\n\n\n\n<div class=\"wprss-feed-meta\">\n            <span class=\"feed-source\">\n            \n\n                            Orebro.se\n                    <\/span>\n    \n            <span class=\"feed-date\">\n             2026-04-29\n        <\/span>\n    \n    <\/div>\n\n            \n        <\/li>\n                    <li class=\"wpra-item feed-item \">\n            \n            \n\n    <a  href=\"https:\/\/www.orebro.se\/nyheter\/nyheter\/2026-04-29-nu-kan-orebroarna-lamna-farligt-avfall-pa-39-platser.html\" target=\"_blank\" rel=\"nofollow\" class=\"\">Nu kan \u00f6rebroarna l\u00e4mna farligt avfall p\u00e5 39 platser<\/a>\n\n\n\n\n<div class=\"wprss-feed-meta\">\n            <span class=\"feed-source\">\n            \n\n                            Orebro.se\n                    <\/span>\n    \n            <span class=\"feed-date\">\n             2026-04-29\n        <\/span>\n    \n    <\/div>\n\n            \n        <\/li>\n                    <li class=\"wpra-item feed-item \">\n            \n            \n\n    <a  href=\"https:\/\/www.orebro.se\/nyheter\/nyheter\/2026-04-29-en-vecka-full-av-aktiviteter-med-teckenspraket-i-fokus.html\" target=\"_blank\" rel=\"nofollow\" class=\"\">En vecka full av aktiviteter med teckenspr\u00e5ket i fokus<\/a>\n\n\n\n\n<div class=\"wprss-feed-meta\">\n            <span class=\"feed-source\">\n            \n\n                            Orebro.se\n                    <\/span>\n    \n            <span class=\"feed-date\">\n             2026-04-29\n        <\/span>\n    \n    <\/div>\n\n            \n        <\/li>\n                    <li class=\"wpra-item feed-item \">\n            \n            \n\n    <a  href=\"https:\/\/vayla.fi\/-\/helsinki-riihimaki-ratahanke-etenee-kesalla-2026-harppauksin-paarata-helsingista-jarvenpaahan-neliraiteiseksi\" target=\"_blank\" rel=\"nofollow\" class=\"\">Helsinki\u2013Riihim\u00e4ki-ratahanke etenee kes\u00e4ll\u00e4 2026 harppauksin - p\u00e4\u00e4rata Helsingist\u00e4 J\u00e4rvenp\u00e4\u00e4h\u00e4n neliraiteiseksi<\/a>\n\n\n\n\n<div class=\"wprss-feed-meta\">\n            <span class=\"feed-source\">\n            \n\n                            Vayla.fi\n                    <\/span>\n    \n            <span class=\"feed-date\">\n             2026-04-29\n        <\/span>\n    \n    <\/div>\n\n            \n        <\/li>\n                    <li class=\"wpra-item feed-item \">\n            \n            \n\n    <a  href=\"https:\/\/vayla.fi\/-\/luumaki-imatra-ratahanke-uusien-siltojen-rakentaminen-lappeenrantaan-alkaa-kevaalla-2026\" target=\"_blank\" rel=\"nofollow\" class=\"\">Luum\u00e4ki-Imatra-ratahanke: uusien siltojen rakentaminen Lappeenrantaan alkaa kev\u00e4\u00e4ll\u00e4 2026<\/a>\n\n\n\n\n<div class=\"wprss-feed-meta\">\n            <span class=\"feed-source\">\n            \n\n                            Vayla.fi\n                    <\/span>\n    \n            <span class=\"feed-date\">\n             2026-04-28\n        <\/span>\n    \n    <\/div>\n\n            \n        <\/li>\n                    <li class=\"wpra-item feed-item \">\n            \n            \n\n    <a  href=\"https:\/\/vayla.fi\/-\/tampereen-henkiloratapiha-hanke-ratasillan-purkutyot-alkavat-suunniteltua-aikaisemmin-kevaan-ja-kesan-aikana-tiedossa-melua-rautatieaseman-alueelle\" target=\"_blank\" rel=\"nofollow\" class=\"\">Tampereen henkil\u00f6ratapiha -hanke: Ratasillan purkuty\u00f6t alkavat suunniteltua aikaisemmin \u2013 kev\u00e4\u00e4n ja kes\u00e4n aikana tiedossa melua rautatieaseman alueelle<\/a>\n\n\n\n\n<div class=\"wprss-feed-meta\">\n            <span class=\"feed-source\">\n            \n\n                            Vayla.fi\n                    <\/span>\n    \n            <span class=\"feed-date\">\n             2026-04-28\n        <\/span>\n    \n    <\/div>\n\n            \n        <\/li>\n                    <li class=\"wpra-item feed-item \">\n            \n            \n\n    <a  href=\"https:\/\/www.lvm.fi\/-\/eu-ssa-alustava-sopu-jakeluinfran-velvoitteista-suomen-tavoitteet-huomioitu-hyvin-1974774?redirect=%2Fajankohtaista%3Fp_p_id%3Dcom_liferay_asset_publisher_web_portlet_AssetPublisherPortlet_INSTANCE_8upbyPg44nql%26p_p_lifecycle%3D2%26p_p_state%3Dnormal%26p_p_mode%3Dview%26p_p_resource_id%3DgetRSS%26p_p_cacheability%3DcacheLevelPage%26_com_liferay_asset_publisher_web_portlet_AssetPublisherPortlet_INSTANCE_8upbyPg44nql_currentURL%3D%252Fajankohtaista%26_com_liferay_asset_publisher_web_portlet_AssetPublisherPortlet_INSTANCE_8upbyPg44nql_portletData%3D%26_com_liferay_asset_publisher_web_portlet_AssetPublisherPortlet_INSTANCE_8upbyPg44nql_portletAjaxable%3D1%26_com_liferay_asset_publisher_web_portlet_AssetPublisherPortlet_INSTANCE_8upbyPg44nql_doAsUserId%3D%26_com_liferay_asset_publisher_web_portlet_AssetPublisherPortlet_INSTANCE_8upbyPg44nql_cmd%3Dadd\" target=\"_blank\" rel=\"nofollow\" class=\"\">EU:ssa alustava sopu jakeluinfran velvoitteista \u2013 Suomen tavoitteet huomioitu hyvin<\/a>\n\n\n\n\n<div class=\"wprss-feed-meta\">\n            <span class=\"feed-source\">\n            \n\n                            LVM.fi\n                    <\/span>\n    \n            <span class=\"feed-date\">\n             2023-03-28\n        <\/span>\n    \n    <\/div>\n\n            \n        <\/li>\n                    <li class=\"wpra-item feed-item \">\n            \n            \n\n    <a  href=\"https:\/\/www.lvm.fi\/-\/kelloja-siirretaan-kesaaikaan-ensi-sunnuntaina-26-maaliskuuta-1971720?redirect=%2Fajankohtaista%3Fp_p_id%3Dcom_liferay_asset_publisher_web_portlet_AssetPublisherPortlet_INSTANCE_8upbyPg44nql%26p_p_lifecycle%3D2%26p_p_state%3Dnormal%26p_p_mode%3Dview%26p_p_resource_id%3DgetRSS%26p_p_cacheability%3DcacheLevelPage%26_com_liferay_asset_publisher_web_portlet_AssetPublisherPortlet_INSTANCE_8upbyPg44nql_currentURL%3D%252Fajankohtaista%26_com_liferay_asset_publisher_web_portlet_AssetPublisherPortlet_INSTANCE_8upbyPg44nql_portletData%3D%26_com_liferay_asset_publisher_web_portlet_AssetPublisherPortlet_INSTANCE_8upbyPg44nql_portletAjaxable%3D1%26_com_liferay_asset_publisher_web_portlet_AssetPublisherPortlet_INSTANCE_8upbyPg44nql_doAsUserId%3D%26_com_liferay_asset_publisher_web_portlet_AssetPublisherPortlet_INSTANCE_8upbyPg44nql_cmd%3Dadd\" target=\"_blank\" rel=\"nofollow\" class=\"\">Kelloja siirret\u00e4\u00e4n kes\u00e4aikaan ensi sunnuntaina 26. maaliskuuta<\/a>\n\n\n\n\n<div class=\"wprss-feed-meta\">\n            <span class=\"feed-source\">\n            \n\n                            LVM.fi\n                    <\/span>\n    \n            <span class=\"feed-date\">\n             2023-03-23\n        <\/span>\n    \n    <\/div>\n\n            \n        <\/li>\n                    <li class=\"wpra-item feed-item \">\n            \n            \n\n    <a  href=\"https:\/\/www.lvm.fi\/-\/taydennyksia-ajoneuvolakiin-1971651?redirect=%2Fajankohtaista%3Fp_p_id%3Dcom_liferay_asset_publisher_web_portlet_AssetPublisherPortlet_INSTANCE_8upbyPg44nql%26p_p_lifecycle%3D2%26p_p_state%3Dnormal%26p_p_mode%3Dview%26p_p_resource_id%3DgetRSS%26p_p_cacheability%3DcacheLevelPage%26_com_liferay_asset_publisher_web_portlet_AssetPublisherPortlet_INSTANCE_8upbyPg44nql_currentURL%3D%252Fajankohtaista%26_com_liferay_asset_publisher_web_portlet_AssetPublisherPortlet_INSTANCE_8upbyPg44nql_portletData%3D%26_com_liferay_asset_publisher_web_portlet_AssetPublisherPortlet_INSTANCE_8upbyPg44nql_portletAjaxable%3D1%26_com_liferay_asset_publisher_web_portlet_AssetPublisherPortlet_INSTANCE_8upbyPg44nql_doAsUserId%3D%26_com_liferay_asset_publisher_web_portlet_AssetPublisherPortlet_INSTANCE_8upbyPg44nql_cmd%3Dadd\" target=\"_blank\" rel=\"nofollow\" class=\"\">T\u00e4ydennyksi\u00e4 ajoneuvolakiin<\/a>\n\n\n\n\n<div class=\"wprss-feed-meta\">\n            <span class=\"feed-source\">\n            \n\n                            LVM.fi\n                    <\/span>\n    \n            <span class=\"feed-date\">\n             2023-03-23\n        <\/span>\n    \n    <\/div>\n\n            \n        <\/li>\n                    <li class=\"wpra-item feed-item \">\n            \n            \n\n    <a  href=\"https:\/\/www.mynewsdesk.com\/se\/visitsweden\/pressreleases\/johanna-eriksson-blir-hr-chef-hos-visit-sweden-3177668?utm_source=rss&amp;utm_medium=rss&amp;utm_campaign=Subscription&amp;utm_content=pressrelease\" target=\"_blank\" rel=\"nofollow\" class=\"\">Johanna Eriksson blir HR-chef hos Visit Sweden<\/a>\n\n\n\n\n<div class=\"wprss-feed-meta\">\n            <span class=\"feed-source\">\n            \n\n                            Visit Sweden\n                    <\/span>\n    \n            <span class=\"feed-date\">\n             2022-04-26\n        <\/span>\n    \n    <\/div>\n\n            \n        <\/li>\n                    <li class=\"wpra-item feed-item \">\n            \n            \n\n    <a  href=\"https:\/\/www.mynewsdesk.com\/se\/visitsweden\/pressreleases\/sverige-toppar-global-undersoekning-oever-vaerldens-mest-haallbara-destinationer-3170436?utm_source=rss&amp;utm_medium=rss&amp;utm_campaign=Subscription&amp;utm_content=pressrelease\" target=\"_blank\" rel=\"nofollow\" class=\"\">Sverige toppar global unders\u00f6kning \u00f6ver v\u00e4rldens mest h\u00e5llbara destinationer<\/a>\n\n\n\n\n<div class=\"wprss-feed-meta\">\n            <span class=\"feed-source\">\n            \n\n                            Visit Sweden\n                    <\/span>\n    \n            <span class=\"feed-date\">\n             2022-03-22\n        <\/span>\n    \n    <\/div>\n\n            \n        <\/li>\n                    <li class=\"wpra-item feed-item \">\n            \n            \n\n    <a  href=\"https:\/\/www.mynewsdesk.com\/se\/visitsweden\/pressreleases\/sverige-oeppnar-upp-visit-sweden-presenterar-sin-marknadsplan-foer-2022-full-fart-framaat-3160530?utm_source=rss&amp;utm_medium=rss&amp;utm_campaign=Subscription&amp;utm_content=pressrelease\" target=\"_blank\" rel=\"nofollow\" class=\"\">Sverige \u00f6ppnar upp \u2013 Visit Sweden presenterar sin marknadsplan f\u00f6r 2022: full fart fram\u00e5t<\/a>\n\n\n\n\n<div class=\"wprss-feed-meta\">\n            <span class=\"feed-source\">\n            \n\n                            Visit Sweden\n                    <\/span>\n    \n            <span class=\"feed-date\">\n             2022-02-08\n        <\/span>\n    \n    <\/div>\n\n            \n        <\/li>\n                    <li class=\"wpra-item feed-item \">\n            \n            \n\n    <a  href=\"https:\/\/www.visitfinland.com\/article\/finnish-food-culture\/\" target=\"_blank\" rel=\"nofollow\" class=\"\">Finnish food culture: a delectable blend of the traditional and the most innovative<\/a>\n\n\n\n\n<div class=\"wprss-feed-meta\">\n            <span class=\"feed-source\">\n            \n\n                            Visit Finland\n                    <\/span>\n    \n            <span class=\"feed-date\">\n             2021-08-31\n        <\/span>\n    \n    <\/div>\n\n            \n        <\/li>\n                    <li class=\"wpra-item feed-item \">\n            \n            \n\n    <a  href=\"https:\/\/www.visitfinland.com\/article\/happy-with-finns\/\" target=\"_blank\" rel=\"nofollow\" class=\"\">Happy with Finns \u2013 4 days 4 destinations<\/a>\n\n\n\n\n<div class=\"wprss-feed-meta\">\n            <span class=\"feed-source\">\n            \n\n                            Visit Finland\n                    <\/span>\n    \n            <span class=\"feed-date\">\n             2021-06-09\n        <\/span>\n    \n    <\/div>\n\n            \n        <\/li>\n                    <li class=\"wpra-item feed-item \">\n            \n            \n\n    <a  href=\"https:\/\/www.visitfinland.com\/article\/travelling-in-finland-by-train\/\" target=\"_blank\" rel=\"nofollow\" class=\"\">Travelling in Finland by train<\/a>\n\n\n\n\n<div class=\"wprss-feed-meta\">\n            <span class=\"feed-source\">\n            \n\n                            Visit Finland\n                    <\/span>\n    \n            <span class=\"feed-date\">\n             2021-04-21\n        <\/span>\n    \n    <\/div>\n\n            \n        <\/li>\n        <\/ul>\n\n        \n<\/div>\n\n<\/div>\n<\/span><\/p>\n<\/div>\n<\/article>\n<\/div>\n<\/div>\n<\/article>\n<\/div>\n<p>[\/et_pb_text][\/et_pb_column][et_pb_column type=&#8221;1_4&#8243; _builder_version=&#8221;4.0.2&#8243;][et_pb_sidebar orientation=&#8221;right&#8221; area=&#8221;et_pb_widget_area_9&#8243; _builder_version=&#8221;4.7.7&#8243;][\/et_pb_sidebar][\/et_pb_column][\/et_pb_row][\/et_pb_section]<\/p>\n","protected":false},"excerpt":{"rendered":"<p>[et_pb_section fb_built=&#8221;1&#8243; _builder_version=&#8221;4.0.2&#8243; background_color=&#8221;#0c71c3&#8243; min_height=&#8221;136px&#8221; custom_padding=&#8221;0px||0px|||&#8221;][et_pb_row column_structure=&#8221;1_3,2_3&#8243; _builder_version=&#8221;4.0.2&#8243; use_background_color_gradient=&#8221;on&#8221; background_color_gradient_start=&#8221;#00618e&#8221; background_color_gradient_end=&#8221;#071d9b&#8221; width=&#8221;100%&#8221; custom_padding=&#8221;0px||0px|||&#8221;][et_pb_column type=&#8221;1_3&#8243; _builder_version=&#8221;4.0.2&#8243;][et_pb_image src=&#8221;https:\/\/www.balticloop.eu\/wp-content\/uploads\/2019\/12\/baltic_loop_512.png&#8221; align=&#8221;center&#8221; _builder_version=&#8221;4.0.2&#8243; max_height=&#8221;125px&#8221; custom_margin=&#8221;||||false|false&#8221;][\/et_pb_image][\/et_pb_column][et_pb_column type=&#8221;2_3&#8243; _builder_version=&#8221;4.0.2&#8243;][et_pb_menu menu_id=&#8221;14&#8243; active_link_color=&#8221;#ffffff&#8221; cart_icon_color=&#8221;#ffffff&#8221; search_icon_color=&#8221;#ffffff&#8221; menu_icon_color=&#8221;#ffffff&#8221; _builder_version=&#8221;4.0.2&#8243; menu_font=&#8221;|600|||||||&#8221; menu_font_size=&#8221;22px&#8221; [&hellip;]<\/p>\n","protected":false},"author":8,"featured_media":0,"parent":2390,"menu_order":0,"comment_status":"closed","ping_status":"closed","template":"","meta":{"_et_pb_use_builder":"on","_et_pb_old_content":"","_et_gb_content_width":"","_EventAllDay":false,"_EventTimezone":"","_EventStartDate":"","_EventEndDate":"","_EventStartDateUTC":"","_EventEndDateUTC":"","_EventShowMap":false,"_EventShowMapLink":false,"_EventURL":"","_EventCost":"","_EventCostDescription":"","_EventCurrencySymbol":"","_EventCurrencyPosition":"","_EventDateTimeSeparator":"","_EventTimeRangeSeparator":"","_EventOrganizerID":[],"_EventVenueID":0,"_OrganizerEmail":"","_OrganizerPhone":"","_OrganizerWebsite":"","_VenueAddress":"","_VenueCity":"","_VenueCountry":"","_VenueProvince":"","_VenueZip":"","_VenuePhone":"","_VenueURL":"","_VenueStateProvince":"","_VenueLat":"","_VenueLng":""},"_links":{"self":[{"href":"https:\/\/www.balticloop.eu\/index.php\/wp-json\/wp\/v2\/pages\/2396"}],"collection":[{"href":"https:\/\/www.balticloop.eu\/index.php\/wp-json\/wp\/v2\/pages"}],"about":[{"href":"https:\/\/www.balticloop.eu\/index.php\/wp-json\/wp\/v2\/types\/page"}],"author":[{"embeddable":true,"href":"https:\/\/www.balticloop.eu\/index.php\/wp-json\/wp\/v2\/users\/8"}],"replies":[{"embeddable":true,"href":"https:\/\/www.balticloop.eu\/index.php\/wp-json\/wp\/v2\/comments?post=2396"}],"version-history":[{"count":5,"href":"https:\/\/www.balticloop.eu\/index.php\/wp-json\/wp\/v2\/pages\/2396\/revisions"}],"predecessor-version":[{"id":7221,"href":"https:\/\/www.balticloop.eu\/index.php\/wp-json\/wp\/v2\/pages\/2396\/revisions\/7221"}],"up":[{"embeddable":true,"href":"https:\/\/www.balticloop.eu\/index.php\/wp-json\/wp\/v2\/pages\/2390"}],"wp:attachment":[{"href":"https:\/\/www.balticloop.eu\/index.php\/wp-json\/wp\/v2\/media?parent=2396"}],"curies":[{"name":"wp","href":"https:\/\/api.w.org\/{rel}","templated":true}]}}